{"id":4545,"date":"2021-01-22T14:14:03","date_gmt":"2021-01-22T14:14:03","guid":{"rendered":"https:\/\/dabauto.ro\/fca\/?page_id=4545"},"modified":"2021-02-11T15:22:56","modified_gmt":"2021-02-11T13:22:56","slug":"fiat-doblo-combi","status":"publish","type":"page","link":"https:\/\/dabauto.ro\/fca\/fiat-doblo-combi\/","title":{"rendered":"Fiat Doblo Combi"},"content":{"rendered":"\n  <div class=\"banner has-hover\" id=\"banner-1319189888\">\n          <div class=\"banner-inner fill\">\n        <div class=\"banner-bg fill\" >\n            <img loading=\"lazy\" decoding=\"async\" width=\"1920\" height=\"660\" src=\"https:\/\/dabauto.ro\/fca\/wp-content\/uploads\/2021\/01\/doblo_combi_header.jpg\" class=\"bg attachment-original size-original\" alt=\"\" \/>                                    \n                    <\/div>\n\t\t\n        <div class=\"banner-layers container\">\n            <div class=\"fill banner-link\"><\/div>            \n   <div id=\"text-box-866843949\" class=\"text-box banner-layer x0 md-x0 lg-x0 y90 md-y90 lg-y90 res-text\">\n                                <div class=\"text-box-content text dark text-shadow-3\">\n              \n              <div class=\"text-inner text-left\">\n                  \n<h1 class=\"uppercase\" style=\"text-align: center;\">FIAT DOBLO COMBI<\/h1>\n<p class=\"thin-font\" style=\"text-align: center;\"><a class=\"button\" href=\"https:\/\/dabauto.ro\/fca\/contact\/\">CERE DETALII<\/a><\/p>\n              <\/div>\n           <\/div>\n                            \n<style>\n#text-box-866843949 {\n  width: 60%;\n}\n#text-box-866843949 .text-box-content {\n  font-size: 100%;\n}\n@media (min-width:550px) {\n  #text-box-866843949 {\n    width: 30%;\n  }\n}\n<\/style>\n    <\/div>\n \n        <\/div>\n      <\/div>\n\n              <div class=\"height-fix is-invisible\"><img loading=\"lazy\" decoding=\"async\" width=\"1920\" height=\"660\" src=\"https:\/\/dabauto.ro\/fca\/wp-content\/uploads\/2021\/01\/doblo_combi_header.jpg\" class=\"attachment-original size-original\" alt=\"\" srcset=\"https:\/\/dabauto.ro\/fca\/wp-content\/uploads\/2021\/01\/doblo_combi_header.jpg 1920w, https:\/\/dabauto.ro\/fca\/wp-content\/uploads\/2021\/01\/doblo_combi_header-300x103.jpg 300w, https:\/\/dabauto.ro\/fca\/wp-content\/uploads\/2021\/01\/doblo_combi_header-1024x352.jpg 1024w, https:\/\/dabauto.ro\/fca\/wp-content\/uploads\/2021\/01\/doblo_combi_header-768x264.jpg 768w, https:\/\/dabauto.ro\/fca\/wp-content\/uploads\/2021\/01\/doblo_combi_header-1536x528.jpg 1536w\" sizes=\"auto, (max-width: 1920px) 100vw, 1920px\" \/><\/div>\n            \n<style>\n#banner-1319189888 .banner-bg img {\n  object-position: 51% 50%;\n}\n<\/style>\n  <\/div>\n\n\n\n\t<section class=\"section\" id=\"section_1624054773\">\n\t\t<div class=\"section-bg fill\" >\n\t\t\t\t\t\t\t\t\t\n\t\t\t\n\n\t\t<\/div>\n\n\t\t\n\n\t\t<div class=\"section-content relative\">\n\t\t\t\n<div class=\"row align-center\"  id=\"row-197096852\">\n\n\t<div id=\"col-1481621233\" class=\"col medium-6 small-12 large-6\"  >\n\t\t\t\t<div class=\"col-inner text-center\"  >\n\t\t\t\n\t\t\t\n<p><a class=\"button\" href=\"#sg-popup-id-3423\">CERE OFERTA<\/a><\/p>\n\t\t<\/div>\n\t\t\t\t\t<\/div>\n\n\t\n\n\t<div id=\"col-753497104\" class=\"col medium-6 small-12 large-6\"  >\n\t\t\t\t<div class=\"col-inner text-center\"  >\n\t\t\t\n\t\t\t\n<p><a class=\"button\" href=\"#sg-popup-id-3438\">TEST DRIVE<\/a><\/p>\n\t\t<\/div>\n\t\t\t\t\t<\/div>\n\n\t\n\n<style>\n#row-197096852 > .col > .col-inner {\n  padding: 25px 0px 0px 0px;\n}\n<\/style>\n<\/div>\n\t\t<\/div>\n\n\t\t\n<style>\n#section_1624054773 {\n  padding-top: 0px;\n  padding-bottom: 0px;\n}\n<\/style>\n\t<\/section>\n\t\n\n\t<section class=\"section\" id=\"section_796703959\">\n\t\t<div class=\"section-bg fill\" >\n\t\t\t\t\t\t\t\t\t\n\t\t\t\n\n\t\t<\/div>\n\n\t\t\n\n\t\t<div class=\"section-content relative\">\n\t\t\t\n<div class=\"row align-center\"  id=\"row-1719484811\">\n\n\t<div id=\"col-919710668\" class=\"col medium-8 small-12 large-8\"  >\n\t\t\t\t<div class=\"col-inner text-center\"  >\n\t\t\t\n\t\t\t\n<div class=\"is-divider divider clearfix\" style=\"background-color:rgb(255, 0, 0);\"><\/div>\n<h2 class=\"uppercase\"><span style=\"color: #ed1c24;\">VERSATIL<\/span><\/h2>\n<h3 class=\"thin-font\">SOLU\u021aIA PERFECT\u0102 PENTRU TRANSPORTUL DE MARF\u0102,&nbsp;DAR \u0218I DE PERSOANE.<br \/>\n\u2013 Disponibil cu ampatament scurt (2755 mm) \u0219i lung (3105 mm)<br \/>\n\u2013 P\u00e2n\u0103 la 5 locuri confortabile \u0219i o sarcin\u0103 maxim\u0103 de 453 kg (363 kg \u00een versiunea cu ampatament scurt)<br \/>\n\u2013 Capacitate de \u00eenc\u0103rcare de p\u00e2n\u0103 la 1050 litri (790 litri \u00een versiunea cu ampatament scurt)<\/h3>\n\t\t<\/div>\n\t\t\t\t\t<\/div>\n\n\t\n<\/div>\n<div class=\"row align-center\"  id=\"row-1570493812\">\n\n\t<div id=\"col-1365825787\" class=\"col medium-8 small-12 large-8\"  >\n\t\t\t\t<div class=\"col-inner text-center dark\"  >\n\t\t\t\n\t\t\t\n\n  <div class=\"banner has-hover\" id=\"banner-856904595\">\n          <div class=\"banner-inner fill\">\n        <div class=\"banner-bg fill\" >\n            <img loading=\"lazy\" decoding=\"async\" width=\"1020\" height=\"449\" src=\"https:\/\/dabauto.ro\/fca\/wp-content\/uploads\/2021\/01\/doblo_combi_subheader-1024x451.jpg\" class=\"bg attachment-large size-large\" alt=\"\" \/>                                    \n                    <\/div>\n\t\t\n        <div class=\"banner-layers container\">\n            <div class=\"fill banner-link\"><\/div>            \n   <div id=\"text-box-1630095857\" class=\"text-box banner-layer x50 md-x50 lg-x50 y50 md-y50 lg-y50 res-text\">\n                                <div class=\"text-box-content text dark\">\n              \n              <div class=\"text-inner text-center\">\n                  \n              <\/div>\n           <\/div>\n                            \n<style>\n#text-box-1630095857 {\n  width: 60%;\n}\n#text-box-1630095857 .text-box-content {\n  font-size: 100%;\n}\n@media (min-width:550px) {\n  #text-box-1630095857 {\n    width: 60%;\n  }\n}\n<\/style>\n    <\/div>\n \n        <\/div>\n      <\/div>\n\n            \n<style>\n#banner-856904595 {\n  padding-top: 500px;\n}\n<\/style>\n  <\/div>\n\n\n\t\t<\/div>\n\t\t\t\t\t<\/div>\n\n\t\n<\/div>\n<div class=\"row align-center\"  id=\"row-1172141841\">\n\n\t<div id=\"col-1662633727\" class=\"col medium-8 small-12 large-8\"  >\n\t\t\t\t<div class=\"col-inner text-center\"  >\n\t\t\t\n\t\t\t\n<div class=\"is-divider divider clearfix\" style=\"background-color:rgb(255, 0, 0);\"><\/div>\n<h2 class=\"uppercase\"><span style=\"color: #ed1c24;\">ACCESSIBIL<\/span><\/h2>\n<p><strong>Acces, \u00eenc\u0103rcare \u0219i descarcare facile.<\/strong><\/p>\n<p>U\u0219ile laterale culisante \u0219i u\u0219ile posterioare batante asimetrice \u00ee\u021bi permit&nbsp;<strong>accesul \u00een spa\u021biul de marf\u0103 din trei p\u0103r\u021bi<\/strong>. U\u0219ile culisante au 123 cm l\u0103\u021bime \u0219i m\u0103soar\u0103 exact distan\u021ba dintre st\u00e2lpii ma\u0219inii \u0219i 125 cm \u00een\u0103l\u021bime (respectiv 146 pe versiunile cu plafon \u00een\u0103l\u021bat)<\/p>\n<p>Cele&nbsp;<strong>dou\u0103 u\u0219i posterioare<\/strong>&nbsp;au 70 cm l\u0103\u021bime \u0219i 117 cm \u00een\u0103l\u021bime, iar&nbsp;<strong>\u00een\u0103l\u021bimea pragului de \u00eenc\u0103rcare<\/strong>&nbsp;este de 54,5 cm<\/p>\n<p><strong>Pragul spate pentru \u00eenc\u0103rcare m\u0103soar\u0103 doar 5 cm de la sol<\/strong><\/p>\n\t\t<\/div>\n\t\t\t\t\t<\/div>\n\n\t\n<\/div>\n<div class=\"row align-middle\"  id=\"row-712908446\">\n\n\t<div id=\"col-1326320662\" class=\"col medium-6 small-12 large-6\"  >\n\t\t\t\t<div class=\"col-inner\"  >\n\t\t\t\n\t\t\t\n\t<div class=\"img has-hover x md-x lg-x y md-y lg-y\" id=\"image_780367459\">\n\t\t\t\t\t\t\t\t<div class=\"img-inner dark\" >\n\t\t\t<img loading=\"lazy\" decoding=\"async\" width=\"640\" height=\"300\" src=\"https:\/\/dabauto.ro\/fca\/wp-content\/uploads\/2021\/01\/doblo_combi_prez_01.jpg\" class=\"attachment-original size-original\" alt=\"\" srcset=\"https:\/\/dabauto.ro\/fca\/wp-content\/uploads\/2021\/01\/doblo_combi_prez_01.jpg 640w, https:\/\/dabauto.ro\/fca\/wp-content\/uploads\/2021\/01\/doblo_combi_prez_01-300x141.jpg 300w\" sizes=\"auto, (max-width: 640px) 100vw, 640px\" \/>\t\t\t\t\t\t\n\t\t\t\t\t<\/div>\n\t\t\t\t\t\t\t\t\n<style>\n#image_780367459 {\n  width: 100%;\n}\n<\/style>\n\t<\/div>\n\t\n\t\t<\/div>\n\t\t\t\t\t<\/div>\n\n\t\n\n\t<div id=\"col-1135570787\" class=\"col medium-6 small-12 large-6\"  >\n\t\t\t\t<div class=\"col-inner text-left dark\"  >\n\t\t\t\n\t\t\t\n<p><span style=\"color: #000000;\">Sarcina maxim\u0103 admis\u0103: 2000 kg \u2013 2200 kg<\/span><br \/>\n<span style=\"color: #000000;\">Num\u0103r de scaune \u0219i sarcina maxim\u0103 admis\u0103: 5 scaune \/ 453 kg;<\/span><br \/>\n<span style=\"color: #000000;\">Ampatament: 2755 mm \u2013 3105 mm<\/span><\/p>\n<p><span style=\"color: #000000;\"><strong>Dimensiuni exterioare<\/strong>:<\/span><br \/>\n<span style=\"color: #000000;\">\u2013 Lungime: 4390 mm \u2013 4740 mm<\/span><br \/>\n<span style=\"color: #000000;\">\u2013 \u00cen\u0103l\u021bime: 1845 mm \u2013 2100 mm<\/span><br \/>\n<span style=\"color: #000000;\">\u2013 L\u0103\u021bime: 1832 mm<\/span><br \/>\n<span style=\"color: #000000;\"><strong>Dimensiunile compartimentului pentru marf\u0103<\/strong>:<\/span><br \/>\n<span style=\"color: #000000;\">\u2013 Lungime: 950 mm \u2013 1300 mm<\/span><br \/>\n<span style=\"color: #000000;\">\u2013 L\u0103\u021bime: 1120 mm \u2013 1261 mm<\/span><br \/>\n<span style=\"color: #000000;\">\u2013 \u00cen\u0103l\u021bime: 600 mm \u2013 1250 mm<\/span><\/p>\n\t\t<\/div>\n\t\t\t\t\t<\/div>\n\n\t\n<\/div>\n\t\t<\/div>\n\n\t\t\n<style>\n#section_796703959 {\n  padding-top: 0px;\n  padding-bottom: 0px;\n  background-color: rgb(255,255,255);\n}\n<\/style>\n\t<\/section>\n\t\n\n\t<section class=\"section\" id=\"section_967125445\">\n\t\t<div class=\"section-bg fill\" >\n\t\t\t\t\t\t\t\t\t\n\t\t\t\n\n\t\t<\/div>\n\n\t\t\n\n\t\t<div class=\"section-content relative\">\n\t\t\t\n<div class=\"row align-center\"  id=\"row-1037742107\">\n\n\t<div id=\"col-1106941332\" class=\"col medium-8 small-12 large-8\"  >\n\t\t\t\t<div class=\"col-inner text-center\"  >\n\t\t\t\n\t\t\t\n<div class=\"is-divider divider clearfix\" style=\"background-color:rgb(255, 0, 0);\"><\/div>\n<h2 class=\"uppercase\"><span style=\"color: #ed1c24;\">stil<\/span><\/h2>\n<p>Un nou design, aliniat cu func\u021bionalitatea \u0219i cu performan\u021ba<\/p>\n\t\t<\/div>\n\t\t\t\t\t<\/div>\n\n\t\n<\/div>\n<div class=\"row align-middle\"  id=\"row-10825513\">\n\n\t<div id=\"col-722523324\" class=\"col medium-6 small-12 large-6\"  >\n\t\t\t\t<div class=\"col-inner text-left dark\"  >\n\t\t\t\n\t\t\t\n<h4 class=\"uppercase\"><span style=\"color: #000000;\">UN NOU PROFIL EXTERIOR<\/span><\/h4>\n<p><span style=\"color: #000000;\">STIL UNIC, CU BOOST DE FUNC\u021aIONALITATE \u0218I DE \u00ceNCREDERE.<\/span><\/p>\n\t\t<\/div>\n\t\t\t\t\t<\/div>\n\n\t\n\n\t<div id=\"col-1465260622\" class=\"col medium-6 small-12 large-6\"  >\n\t\t\t\t<div class=\"col-inner\"  >\n\t\t\t\n\t\t\t\n\t<div class=\"img has-hover x md-x lg-x y md-y lg-y\" id=\"image_450618516\">\n\t\t\t\t\t\t\t\t<div class=\"img-inner dark\" >\n\t\t\t<img loading=\"lazy\" decoding=\"async\" width=\"640\" height=\"300\" src=\"https:\/\/dabauto.ro\/fca\/wp-content\/uploads\/2021\/01\/doblo_combi_de_01.jpg\" class=\"attachment-original size-original\" alt=\"\" srcset=\"https:\/\/dabauto.ro\/fca\/wp-content\/uploads\/2021\/01\/doblo_combi_de_01.jpg 640w, https:\/\/dabauto.ro\/fca\/wp-content\/uploads\/2021\/01\/doblo_combi_de_01-300x141.jpg 300w\" sizes=\"auto, (max-width: 640px) 100vw, 640px\" \/>\t\t\t\t\t\t\n\t\t\t\t\t<\/div>\n\t\t\t\t\t\t\t\t\n<style>\n#image_450618516 {\n  width: 100%;\n}\n<\/style>\n\t<\/div>\n\t\n\t\t<\/div>\n\t\t\t\t\t<\/div>\n\n\t\n<\/div>\n<div class=\"row align-center\"  id=\"row-794734836\">\n\n\t<div id=\"col-123230600\" class=\"col medium-8 small-12 large-8\"  >\n\t\t\t\t<div class=\"col-inner text-center\"  >\n\t\t\t\n\t\t\t\n<div class=\"wrapper-title\">\n<h2 class=\"uppercase\">TOTUL ESTE DE ADMIRAT \u00ceN NOUL DOBLO COMBI<\/h2>\n<\/div>\n<div class=\"section-subtitle\">\n<p>Stilul s\u0103u a devenit mai original odat\u0103 cu re\u00eennoirea p\u0103r\u021bi frontale, a grupurilor optice integrate, a jantelor de aliaj \u0219i a blocurilor optice posterioare, precum \u0219i a geamurilor mai mari. Linia ma\u0219inii este acum mai aerodinamic\u0103 \u0219i asigur\u0103 eficien\u021ba sporit\u0103 chiar \u0219i la viteze reduse.<\/p>\n<p>Principalele caracteristici noi sunt:<\/p>\n<p>Faruri noi<\/p>\n<p>Capota, aripi \u0219i bara de protec\u021bie fa\u021b\u0103 armata \u2013 toate reconcepute<\/p>\n<p>Grila fa\u021b\u0103 nou\u0103<\/p>\n<p>Jante noi de aliaj<\/p>\n<p>Noi blocuri optice posterioare<\/p>\n<\/div>\n\t\t<\/div>\n\t\t\t\t\t<\/div>\n\n\t\n<\/div>\n<div class=\"row align-middle\"  id=\"row-1512816279\">\n\n\t<div id=\"col-1570185082\" class=\"col medium-6 small-12 large-6\"  >\n\t\t\t\t<div class=\"col-inner\"  >\n\t\t\t\n\t\t\t\n\t<div class=\"img has-hover x md-x lg-x y md-y lg-y\" id=\"image_1069081428\">\n\t\t\t\t\t\t\t\t<div class=\"img-inner dark\" >\n\t\t\t<img loading=\"lazy\" decoding=\"async\" width=\"640\" height=\"300\" src=\"https:\/\/dabauto.ro\/fca\/wp-content\/uploads\/2021\/01\/doblo_combi_de_02.jpg\" class=\"attachment-original size-original\" alt=\"\" srcset=\"https:\/\/dabauto.ro\/fca\/wp-content\/uploads\/2021\/01\/doblo_combi_de_02.jpg 640w, https:\/\/dabauto.ro\/fca\/wp-content\/uploads\/2021\/01\/doblo_combi_de_02-300x141.jpg 300w\" sizes=\"auto, (max-width: 640px) 100vw, 640px\" \/>\t\t\t\t\t\t\n\t\t\t\t\t<\/div>\n\t\t\t\t\t\t\t\t\n<style>\n#image_1069081428 {\n  width: 100%;\n}\n<\/style>\n\t<\/div>\n\t\n\t\t<\/div>\n\t\t\t\t\t<\/div>\n\n\t\n\n\t<div id=\"col-1022443821\" class=\"col medium-6 small-12 large-6\"  >\n\t\t\t\t<div class=\"col-inner text-left dark\"  >\n\t\t\t\n\t\t\t\n<h4 class=\"uppercase\"><span style=\"color: #000000;\">INTERIOR FUNC\u021aIONAL \u0218I CONFORTABIL<\/span><\/h4>\n<p><span style=\"color: #000000;\"><strong>Nout\u0103\u021bile lui Dobl\u00f2 Combi nu se reg\u0103sesc doar la exterior.<\/strong><\/span><br \/>\n<span style=\"color: #000000;\">Orice vei vrea s\u0103 transpor\u021bi cu tine va avea loc \u00een Noul Dobl\u00f2. Am redesenat interiorul \u0219i panourile portierelor pentru a-\u021bi oferi tot confortul de care ai nevoie.<\/span><br \/>\n<span style=\"color: #000000;\">\u2013 Experien\u021ba la volan este \u00eembun\u0103t\u0103\u021bit\u0103 de urm\u0103toarele nout\u0103\u021bi:<\/span><br \/>\n<span style=\"color: #000000;\">\u2013 Plan\u0219\u0103 de bord redesenat\u0103, cu performan\u021be \u00eembun\u0103t\u0103\u021bite de control al climei<\/span><br \/>\n<span style=\"color: #000000;\">\u2013 Volan cu design nou \u0219i ergonomic<\/span><br \/>\n<span style=\"color: #000000;\">\u2013 Materiale ultra rezistente<\/span><br \/>\n<span style=\"color: #000000;\">\u2013 Instrumentar de bord redesenat, hi-tech \u0219i intuitiv<\/span><\/p>\n\t\t<\/div>\n\t\t\t\t\t<\/div>\n\n\t\n<\/div>\n<div class=\"row align-middle\"  id=\"row-76995057\">\n\n\t<div id=\"col-1850272781\" class=\"col medium-6 small-12 large-6\"  >\n\t\t\t\t<div class=\"col-inner text-left dark\"  >\n\t\t\t\n\t\t\t\n<h4 class=\"uppercase\"><span style=\"color: #000000;\">SPA\u021aIUL DE CARE AI NEVOIE<\/span><\/h4>\n<p><span style=\"color: #000000;\">Exist\u0103 nu mai pu\u021bin de 10 compartimente de depozitare, inclusiv \u00een sertarul din lateralul pasagerului, cu o capacitate de 6.8 litri. Panelurile u\u0219ilor pot \u00eencorpora p\u00e2n\u0103 la 8.8 litri, adic\u0103 o sticla de b\u0103utur\u0103 de 1.5 litri, alte dou\u0103 de 0.5 \u0219i un notepad format A4.<\/span><br \/>\n<span style=\"color: #000000;\">\u00cen Dobl\u00f2 Combi \u00eencap p\u00e2n\u0103 la 5 pasageri, \u00een condi\u021bii de maxim confort. Compartimentul pasagerilor este foarte bine luminat, datorit\u0103 suprafe\u021bei vitrate ample \u0219i este echipat cu multe compartimente de depozitare, pentru ca toate bagajele s\u0103 stea la locul lor.Dobl\u00f2 este un veritabil campion al versatilit\u0103\u021bii.<\/span><\/p>\n\t\t<\/div>\n\t\t\t\t\t<\/div>\n\n\t\n\n\t<div id=\"col-1278277157\" class=\"col medium-6 small-12 large-6\"  >\n\t\t\t\t<div class=\"col-inner\"  >\n\t\t\t\n\t\t\t\n\t<div class=\"img has-hover x md-x lg-x y md-y lg-y\" id=\"image_2122818421\">\n\t\t\t\t\t\t\t\t<div class=\"img-inner dark\" >\n\t\t\t<img loading=\"lazy\" decoding=\"async\" width=\"640\" height=\"300\" src=\"https:\/\/dabauto.ro\/fca\/wp-content\/uploads\/2021\/01\/doblo_combi_de_03.jpg\" class=\"attachment-original size-original\" alt=\"\" srcset=\"https:\/\/dabauto.ro\/fca\/wp-content\/uploads\/2021\/01\/doblo_combi_de_03.jpg 640w, https:\/\/dabauto.ro\/fca\/wp-content\/uploads\/2021\/01\/doblo_combi_de_03-300x141.jpg 300w\" sizes=\"auto, (max-width: 640px) 100vw, 640px\" \/>\t\t\t\t\t\t\n\t\t\t\t\t<\/div>\n\t\t\t\t\t\t\t\t\n<style>\n#image_2122818421 {\n  width: 100%;\n}\n<\/style>\n\t<\/div>\n\t\n\t\t<\/div>\n\t\t\t\t\t<\/div>\n\n\t\n<\/div>\n\t\t<\/div>\n\n\t\t\n<style>\n#section_967125445 {\n  padding-top: 30px;\n  padding-bottom: 30px;\n  background-color: rgb(255,255,255);\n}\n<\/style>\n\t<\/section>\n\t\n\n\t<section class=\"section\" id=\"section_818557253\">\n\t\t<div class=\"section-bg fill\" >\n\t\t\t\t\t\t\t\t\t\n\t\t\t\n\n\t\t<\/div>\n\n\t\t\n\n\t\t<div class=\"section-content relative\">\n\t\t\t\n<div class=\"row align-center\"  id=\"row-187651552\">\n\n\t<div id=\"col-264124052\" class=\"col medium-8 small-12 large-8\"  >\n\t\t\t\t<div class=\"col-inner text-center dark\"  >\n\t\t\t\n\t\t\t\n<div class=\"is-divider divider clearfix\" style=\"background-color:rgb(255, 255, 255);\"><\/div>\n<h2 class=\"uppercase\"><span style=\"color: #ed1c24;\">PERFORMAN\u021aE \u00ceMBUN\u0102T\u0102\u021aITE<\/span><\/h2>\n<p><span style=\"color: #000000;\">Agile \u0219i responsive, special create pentru ora\u0219, motoriz\u0103rile 1.3 Multijet \u0219i 1.6 Multijet ofer\u0103 acum un cuplu mai mare la tura\u021bii joase, demonstreaz\u0103 flexibilitate \u0219i un raspuns mai rapid la ap\u0103sarea pedalei de accelera\u021bie.<\/span><\/p>\n\t\t<\/div>\n\t\t\t\t\t<\/div>\n\n\t\n<\/div>\n<div class=\"row align-middle align-center\"  id=\"row-1142231140\">\n\n\t<div id=\"col-562512556\" class=\"col medium-6 small-12 large-6\"  >\n\t\t\t\t<div class=\"col-inner\"  >\n\t\t\t\n\t\t\t\n\t<div class=\"img has-hover x md-x lg-x y md-y lg-y\" id=\"image_1258457750\">\n\t\t\t\t\t\t\t\t<div class=\"img-inner dark\" >\n\t\t\t<img loading=\"lazy\" decoding=\"async\" width=\"640\" height=\"300\" src=\"https:\/\/dabauto.ro\/fca\/wp-content\/uploads\/2021\/01\/doblo_combi_moto_01.jpg\" class=\"attachment-large size-large\" alt=\"\" srcset=\"https:\/\/dabauto.ro\/fca\/wp-content\/uploads\/2021\/01\/doblo_combi_moto_01.jpg 640w, https:\/\/dabauto.ro\/fca\/wp-content\/uploads\/2021\/01\/doblo_combi_moto_01-300x141.jpg 300w\" sizes=\"auto, (max-width: 640px) 100vw, 640px\" \/>\t\t\t\t\t\t\n\t\t\t\t\t<\/div>\n\t\t\t\t\t\t\t\t\n<style>\n#image_1258457750 {\n  width: 100%;\n}\n<\/style>\n\t<\/div>\n\t\n\t\t<\/div>\n\t\t\t\t\t<\/div>\n\n\t\n\n\t<div id=\"col-274779254\" class=\"col medium-6 small-12 large-6\"  >\n\t\t\t\t<div class=\"col-inner text-center dark\"  >\n\t\t\t\n\t\t\t\n<h5 class=\"uppercase\"><span style=\"color: #000000;\">1.3 MultiJet II 90 CP<\/span><\/h5>\n<p><span style=\"color: #000000;\">Consum redus de carburant, emisii sc\u0103zute, manevrabilitate excelent\u0103 \u0219i vibra\u021bii reduse \u00een habitaclu.<\/span><\/p>\n<p><span style=\"color: #000000;\">Capacitate cilindrinc\u0103: 1248 cmc<\/span><br \/>\n<span style=\"color: #000000;\">Putere: 90 CP<\/span><br \/>\n<span style=\"color: #000000;\">Cuplu maxim: 200 Nm la 1500 rpm<\/span><br \/>\n<span style=\"color: #000000;\">Motorizare Multi-jet II turbo Common Rail cu injec\u021bie direct\u0103 \u0219i intercooler.<\/span><\/p>\n\t\t<\/div>\n\t\t\t\t\t<\/div>\n\n\t\n<\/div>\n<div class=\"row align-middle align-center\"  id=\"row-602255057\">\n\n\t<div id=\"col-504477208\" class=\"col medium-6 small-12 large-6\"  >\n\t\t\t\t<div class=\"col-inner text-center dark\"  >\n\t\t\t\n\t\t\t\n<h5 class=\"uppercase\"><span style=\"color: #000000;\">1.6 MultiJet |105 HP<\/span><\/h5>\n<p><span style=\"color: #000000;\">Campion la sprinturi \u0219i la economie.<\/span><\/p>\n<p><span style=\"color: #000000;\">Capacitate cilindrinc\u0103: 1598 cmc<\/span><br \/>\n<span style=\"color: #000000;\">Putere: 105 CP<\/span><br \/>\n<span style=\"color: #000000;\">Cuplu maxim: 290 Nm la 1500 rpm<\/span><br \/>\n<span style=\"color: #000000;\">Motorizare Multi-jet II turbo Common Rail cu injec\u021bie direct\u0103 \u0219i intercooler<\/span><\/p>\n\t\t<\/div>\n\t\t\t\t\t<\/div>\n\n\t\n\n\t<div id=\"col-1303449044\" class=\"col medium-6 small-12 large-6\"  >\n\t\t\t\t<div class=\"col-inner\"  >\n\t\t\t\n\t\t\t\n\t<div class=\"img has-hover x md-x lg-x y md-y lg-y\" id=\"image_825409394\">\n\t\t\t\t\t\t\t\t<div class=\"img-inner dark\" >\n\t\t\t<img loading=\"lazy\" decoding=\"async\" width=\"640\" height=\"300\" src=\"https:\/\/dabauto.ro\/fca\/wp-content\/uploads\/2021\/01\/doblo_combi_moto_02.jpg\" class=\"attachment-large size-large\" alt=\"\" srcset=\"https:\/\/dabauto.ro\/fca\/wp-content\/uploads\/2021\/01\/doblo_combi_moto_02.jpg 640w, https:\/\/dabauto.ro\/fca\/wp-content\/uploads\/2021\/01\/doblo_combi_moto_02-300x141.jpg 300w\" sizes=\"auto, (max-width: 640px) 100vw, 640px\" \/>\t\t\t\t\t\t\n\t\t\t\t\t<\/div>\n\t\t\t\t\t\t\t\t\n<style>\n#image_825409394 {\n  width: 100%;\n}\n<\/style>\n\t<\/div>\n\t\n\t\t<\/div>\n\t\t\t\t\t<\/div>\n\n\t\n<\/div>\n<div class=\"row align-middle align-center\"  id=\"row-1025619189\">\n\n\t<div id=\"col-1844763429\" class=\"col medium-6 small-12 large-6\"  >\n\t\t\t\t<div class=\"col-inner\"  >\n\t\t\t\n\t\t\t\n\t<div class=\"img has-hover x md-x lg-x y md-y lg-y\" id=\"image_701872657\">\n\t\t\t\t\t\t\t\t<div class=\"img-inner dark\" >\n\t\t\t<img loading=\"lazy\" decoding=\"async\" width=\"640\" height=\"300\" src=\"https:\/\/dabauto.ro\/fca\/wp-content\/uploads\/2021\/01\/doblo_combi_moto_03.jpg\" class=\"attachment-large size-large\" alt=\"\" srcset=\"https:\/\/dabauto.ro\/fca\/wp-content\/uploads\/2021\/01\/doblo_combi_moto_03.jpg 640w, https:\/\/dabauto.ro\/fca\/wp-content\/uploads\/2021\/01\/doblo_combi_moto_03-300x141.jpg 300w\" sizes=\"auto, (max-width: 640px) 100vw, 640px\" \/>\t\t\t\t\t\t\n\t\t\t\t\t<\/div>\n\t\t\t\t\t\t\t\t\n<style>\n#image_701872657 {\n  width: 100%;\n}\n<\/style>\n\t<\/div>\n\t\n\t\t<\/div>\n\t\t\t\t\t<\/div>\n\n\t\n\n\t<div id=\"col-919140197\" class=\"col medium-6 small-12 large-6\"  >\n\t\t\t\t<div class=\"col-inner text-center dark\"  >\n\t\t\t\n\t\t\t\n<h5 class=\"uppercase\"><span style=\"color: #000000;\">CEA MAI BUN\u0102 MANEVRABILITATE<\/span><\/h5>\n<p><span style=\"color: #000000;\">Bucur\u0103-te de confortul \u0219i de manevrabilitatea unui autoturism, pe un autovehicul comercial, chiar \u0219i atunci c\u00e2nd este plin cu marf\u0103.<\/span><\/p>\n<p><span style=\"color: #000000;\">&#8211; Direc\u021bie placut\u0103 \u0219i precis\u0103<\/span><\/p>\n<p><span style=\"color: #000000;\">&#8211; \u021ainut\u0103 de drum excelent\u0103<\/span><\/p>\n<p><span style=\"color: #000000;\">&#8211; Suspensie Bi-link<\/span><\/p>\n\t\t<\/div>\n\t\t\t\t\t<\/div>\n\n\t\n<\/div>\n<div class=\"row align-center\"  id=\"row-676805928\">\n\n\t<div id=\"col-439222531\" class=\"col medium-8 small-12 large-8\"  >\n\t\t\t\t<div class=\"col-inner text-center dark\"  >\n\t\t\t\n\t\t\t\n<div class=\"is-divider divider clearfix\" style=\"background-color:rgb(0, 0, 0);\"><\/div>\n<p><span style=\"color: #000000;\"><strong>SUSPENSII SPATE BI-LINK<\/strong><\/span><br \/>\n<span style=\"color: #000000;\">Confort optim.<\/span><\/p>\n<p><span style=\"color: #000000;\">Noul Doblo Combi folose\u0219te suspensie independent\u0103 spate Bi-link, care asigur\u0103:<\/span><\/p>\n<p><span style=\"color: #000000;\">&#8211; confort sporit;<\/span><\/p>\n<p><span style=\"color: #000000;\">&#8211; o mai mare stabilitate;<\/span><\/p>\n<p><span style=\"color: #000000;\">&#8211; siguran\u021b\u0103 maxim\u0103 indiferent de \u00eenc\u0103rcare.<\/span><\/p>\n<p><span style=\"color: #000000;\">Datorit\u0103 capacit\u0103\u021bii de reglare a componentelor sale, suspensia este special calibrat\u0103 pentru scopurile vehicului.<\/span><\/p>\n<p><span style=\"color: #000000;\"><strong>START&amp; STOP<\/strong><\/span><br \/>\n<span style=\"color: #000000;\">Consum redus, chiar \u0219i \u00een ciclu urban.<\/span><br \/>\n<span style=\"color: #000000;\">Motorul se opre\u0219te automat atunci c\u00e2nd autovehiculul este re\u021binut \u00een trafic \u0219i cutia de viteze este plasat\u0103 \u00een neutru.<\/span><br \/>\n<span style=\"color: #000000;\">Toate func\u021biile care garanteaz\u0103 confortul \u0219i siguran\u021ba la bordul vehicului r\u0103m\u00e2n active (controlul climei, radio, \u0219terg\u0103toare de parbriz).<\/span><\/p>\n<p><span style=\"color: #000000;\"><strong>COSTURI DE \u00ceNTRE\u021aINERE<\/strong><\/span><br \/>\n<span style=\"color: #000000;\">Cea mai bun\u0103 investi\u021bie pentru afacerea ta.<\/span><\/p>\n<p><span style=\"color: #000000;\">Motoarele sunt concepute pentru a asigura cele mai mici costuri de func\u021bionare din categoria lor.<\/span><br \/>\n<span style=\"color: #000000;\">Intervale de service sunt programate la 35.000 km pentru motoriz\u0103rile Multijet II Euro.<\/span><\/p>\n\t\t<\/div>\n\t\t\t\t\t<\/div>\n\n\t\n<\/div>\n\t\t<\/div>\n\n\t\t\n<style>\n#section_818557253 {\n  padding-top: 30px;\n  padding-bottom: 30px;\n  background-color: rgb(255,255,255);\n}\n<\/style>\n\t<\/section>\n\t\n\n\t<section class=\"section\" id=\"section_1684430084\">\n\t\t<div class=\"section-bg fill\" >\n\t\t\t\t\t\t\t\t\t\n\t\t\t\n\n\t\t<\/div>\n\n\t\t\n\n\t\t<div class=\"section-content relative\">\n\t\t\t\n<div class=\"row align-center\"  id=\"row-681069075\">\n\n\t<div id=\"col-805260120\" class=\"col medium-8 small-12 large-8\"  >\n\t\t\t\t<div class=\"col-inner text-center dark\"  >\n\t\t\t\n\t\t\t\n<div class=\"is-divider divider clearfix\" style=\"background-color:rgb(255, 0, 0);\"><\/div>\n<h2 class=\"uppercase\"><span style=\"color: #ed1c24;\">SIGURANTA<\/span><\/h2>\n<p><span style=\"color: #000000;\"><strong>Pleac\u0103 \u00een orice c\u0103l\u0103torie f\u0103r\u0103 griji<\/strong><\/span><\/p>\n\t\t<\/div>\n\t\t\t\t\t<\/div>\n\n\t\n<\/div>\n<div class=\"row align-middle align-center\"  id=\"row-401119486\">\n\n\t<div id=\"col-80020280\" class=\"col medium-6 small-12 large-6\"  >\n\t\t\t\t<div class=\"col-inner text-center dark\"  >\n\t\t\t\n\t\t\t\n<h5 class=\"uppercase\"><span style=\"color: #000000;\">ESC<\/span><\/h5>\n<p><span style=\"color: #000000;\">Aderen\u021ba pe drum a Noului Dobl\u00f2 Combi este garantat\u0103 prin&nbsp;<strong>ESC standard<\/strong>.<\/span><br \/>\n<span style=\"color: #000000;\">\u00cen plus, func\u021bia&nbsp;<strong>Hill-Holder<\/strong>&nbsp;te va ajuta s\u0103 porne\u0219ti echilibrat din por\u021biunile de ramp\u0103. Include HBA (Hydraulic Brake Assist).<\/span><\/p>\n\t\t<\/div>\n\t\t\t\t\t<\/div>\n\n\t\n\n\t<div id=\"col-1098182253\" class=\"col medium-6 small-12 large-6\"  >\n\t\t\t\t<div class=\"col-inner\"  >\n\t\t\t\n\t\t\t\n\t<div class=\"img has-hover x md-x lg-x y md-y lg-y\" id=\"image_1421473417\">\n\t\t\t\t\t\t\t\t<div class=\"img-inner dark\" >\n\t\t\t<img loading=\"lazy\" decoding=\"async\" width=\"640\" height=\"300\" src=\"https:\/\/dabauto.ro\/fca\/wp-content\/uploads\/2021\/01\/doblo_combi_tehno_01.jpg\" class=\"attachment-large size-large\" alt=\"\" srcset=\"https:\/\/dabauto.ro\/fca\/wp-content\/uploads\/2021\/01\/doblo_combi_tehno_01.jpg 640w, https:\/\/dabauto.ro\/fca\/wp-content\/uploads\/2021\/01\/doblo_combi_tehno_01-300x141.jpg 300w\" sizes=\"auto, (max-width: 640px) 100vw, 640px\" \/>\t\t\t\t\t\t\n\t\t\t\t\t<\/div>\n\t\t\t\t\t\t\t\t\n<style>\n#image_1421473417 {\n  width: 100%;\n}\n<\/style>\n\t<\/div>\n\t\n\t\t<\/div>\n\t\t\t\t\t<\/div>\n\n\t\n<\/div>\n<div class=\"row align-middle align-center\"  id=\"row-741067184\">\n\n\t<div id=\"col-1328904022\" class=\"col medium-6 small-12 large-6\"  >\n\t\t\t\t<div class=\"col-inner\"  >\n\t\t\t\n\t\t\t\n\t<div class=\"img has-hover x md-x lg-x y md-y lg-y\" id=\"image_1922822678\">\n\t\t\t\t\t\t\t\t<div class=\"img-inner dark\" >\n\t\t\t<img loading=\"lazy\" decoding=\"async\" width=\"640\" height=\"300\" src=\"https:\/\/dabauto.ro\/fca\/wp-content\/uploads\/2021\/01\/doblo_combi_tehno_02.jpg\" class=\"attachment-large size-large\" alt=\"\" srcset=\"https:\/\/dabauto.ro\/fca\/wp-content\/uploads\/2021\/01\/doblo_combi_tehno_02.jpg 640w, https:\/\/dabauto.ro\/fca\/wp-content\/uploads\/2021\/01\/doblo_combi_tehno_02-300x141.jpg 300w\" sizes=\"auto, (max-width: 640px) 100vw, 640px\" \/>\t\t\t\t\t\t\n\t\t\t\t\t<\/div>\n\t\t\t\t\t\t\t\t\n<style>\n#image_1922822678 {\n  width: 100%;\n}\n<\/style>\n\t<\/div>\n\t\n\t\t<\/div>\n\t\t\t\t\t<\/div>\n\n\t\n\n\t<div id=\"col-980363423\" class=\"col medium-6 small-12 large-6\"  >\n\t\t\t\t<div class=\"col-inner text-center dark\"  >\n\t\t\t\n\t\t\t\n<h5 class=\"uppercase\"><span style=\"color: #000000;\">ABS + EBD<\/span><\/h5>\n<p><span style=\"color: #000000;\">Sistemul cu 4 senzori ABS \u0219i EBD (Electronic Brakeforce Distributor) \u00eempiedic\u0103 blocarea ro\u021bilor \u0219i garanteaz\u0103 controlul complet asupra autovehiculului \u00een orice condi\u021bii de rulare, oferind un r\u0103spuns ferm \u0219i o distan\u021b\u0103 de fr\u00e2nare \u00eembun\u0103t\u0103\u021bit\u0103.<\/span><\/p>\n\t\t<\/div>\n\t\t\t\t\t<\/div>\n\n\t\n<\/div>\n<div class=\"row align-middle align-center\"  id=\"row-107373332\">\n\n\t<div id=\"col-646278039\" class=\"col medium-6 small-12 large-6\"  >\n\t\t\t\t<div class=\"col-inner text-center dark\"  >\n\t\t\t\n\t\t\t\n<h5 class=\"uppercase\"><span style=\"color: #000000;\">TRACTION+<\/span><\/h5>\n<p><span style=\"color: #000000;\">\u021ainuta de drum este exemplar\u0103, \u00een orice condi\u021bi \u0219i pe orice suprafe\u021be.<\/span><\/p>\n\t\t<\/div>\n\t\t\t\t\t<\/div>\n\n\t\n\n\t<div id=\"col-1888568858\" class=\"col medium-6 small-12 large-6\"  >\n\t\t\t\t<div class=\"col-inner\"  >\n\t\t\t\n\t\t\t\n\t<div class=\"img has-hover x md-x lg-x y md-y lg-y\" id=\"image_64791375\">\n\t\t\t\t\t\t\t\t<div class=\"img-inner dark\" >\n\t\t\t<img loading=\"lazy\" decoding=\"async\" width=\"640\" height=\"300\" src=\"https:\/\/dabauto.ro\/fca\/wp-content\/uploads\/2021\/01\/doblo_combi_tehno_03.jpg\" class=\"attachment-large size-large\" alt=\"\" srcset=\"https:\/\/dabauto.ro\/fca\/wp-content\/uploads\/2021\/01\/doblo_combi_tehno_03.jpg 640w, https:\/\/dabauto.ro\/fca\/wp-content\/uploads\/2021\/01\/doblo_combi_tehno_03-300x141.jpg 300w\" sizes=\"auto, (max-width: 640px) 100vw, 640px\" \/>\t\t\t\t\t\t\n\t\t\t\t\t<\/div>\n\t\t\t\t\t\t\t\t\n<style>\n#image_64791375 {\n  width: 100%;\n}\n<\/style>\n\t<\/div>\n\t\n\t\t<\/div>\n\t\t\t\t\t<\/div>\n\n\t\n<\/div>\n<div class=\"row align-middle align-center\"  id=\"row-2113712841\">\n\n\t<div id=\"col-1809697931\" class=\"col medium-6 small-12 large-6\"  >\n\t\t\t\t<div class=\"col-inner\"  >\n\t\t\t\n\t\t\t\n\t<div class=\"img has-hover x md-x lg-x y md-y lg-y\" id=\"image_1509382638\">\n\t\t\t\t\t\t\t\t<div class=\"img-inner dark\" >\n\t\t\t<img loading=\"lazy\" decoding=\"async\" width=\"980\" height=\"352\" src=\"https:\/\/dabauto.ro\/fca\/wp-content\/uploads\/2021\/01\/doblo_combi_tehno_04.jpg\" class=\"attachment-large size-large\" alt=\"\" srcset=\"https:\/\/dabauto.ro\/fca\/wp-content\/uploads\/2021\/01\/doblo_combi_tehno_04.jpg 980w, https:\/\/dabauto.ro\/fca\/wp-content\/uploads\/2021\/01\/doblo_combi_tehno_04-300x108.jpg 300w, https:\/\/dabauto.ro\/fca\/wp-content\/uploads\/2021\/01\/doblo_combi_tehno_04-768x276.jpg 768w\" sizes=\"auto, (max-width: 980px) 100vw, 980px\" \/>\t\t\t\t\t\t\n\t\t\t\t\t<\/div>\n\t\t\t\t\t\t\t\t\n<style>\n#image_1509382638 {\n  width: 100%;\n}\n<\/style>\n\t<\/div>\n\t\n\t\t<\/div>\n\t\t\t\t\t<\/div>\n\n\t\n\n\t<div id=\"col-930840114\" class=\"col medium-6 small-12 large-6\"  >\n\t\t\t\t<div class=\"col-inner text-center dark\"  >\n\t\t\t\n\t\t\t\n<h5 class=\"uppercase\"><span style=\"color: #000000;\">AIRBAGURI \u0218I TETIERE<\/span><\/h5>\n<p><span style=\"color: #000000;\">PROTEC\u021aIE DE LA CEL MAI \u00ceNALT NIVEL.<\/span><\/p>\n<p><span style=\"color: #000000;\">Airbag-uri frontale pentru \u0219ofer \u0219i pasager (op\u021bional)<\/span><\/p>\n<p><span style=\"color: #000000;\">Airbag-uri inovatoare laterale, care protejeaz\u0103 at\u00e2t capul, c\u00e2t \u0219i pieptul (op\u021bional)<\/span><\/p>\n<p><span style=\"color: #000000;\">Tetiere active \u2013 scaunele sunt echipate cu un dispozitiv care, \u00een caz de impact, reduce riscul unei traume.<\/span><\/p>\n\t\t<\/div>\n\t\t\t\t\t<\/div>\n\n\t\n<\/div>\n<div class=\"row align-middle align-center\"  id=\"row-128852281\">\n\n\t<div id=\"col-780003299\" class=\"col medium-6 small-12 large-6\"  >\n\t\t\t\t<div class=\"col-inner text-center dark\"  >\n\t\t\t\n\t\t\t\n<h5 class=\"uppercase\"><span style=\"color: #000000;\">SENZORI DE PARCARE<\/span><\/h5>\n<p><span style=\"color: #000000;\">EXECUT\u0102 MANEVRELE \u00ceN SIGURAN\u021a\u0102.<\/span><\/p>\n<p><span style=\"color: #000000;\">Senzorii de parcare \u00eencep s\u0103 emit\u0103 alerte acustice care indic\u0103 prezen\u021ba \u0219i apropierea obstacolelor din spatele autoturismului.<\/span><br \/>\n<span style=\"color: #000000;\">Senzorii sunt monta\u021bi pe bara spate \u0219i se activeaz\u0103 automat atunci c\u00e2nd transmisia este cuplat\u0103 \u00een mar\u0219arier.<\/span><br \/>\n<span style=\"color: #000000;\">Semnalul acustic intermitent este invers propor\u021bional cu distan\u021ba fa\u021b\u0103 de obstacol \u0219i devine continuu, aten\u021bion\u00e2ndu-te c\u0103 trebuie s\u0103 opre\u0219ti manevra.<\/span><\/p>\n\t\t<\/div>\n\t\t\t\t\t<\/div>\n\n\t\n\n\t<div id=\"col-1111552477\" class=\"col medium-6 small-12 large-6\"  >\n\t\t\t\t<div class=\"col-inner\"  >\n\t\t\t\n\t\t\t\n\t<div class=\"img has-hover x md-x lg-x y md-y lg-y\" id=\"image_242449099\">\n\t\t\t\t\t\t\t\t<div class=\"img-inner dark\" >\n\t\t\t<img loading=\"lazy\" decoding=\"async\" width=\"640\" height=\"300\" src=\"https:\/\/dabauto.ro\/fca\/wp-content\/uploads\/2021\/01\/doblo_combi_tehno_05.jpg\" class=\"attachment-large size-large\" alt=\"\" srcset=\"https:\/\/dabauto.ro\/fca\/wp-content\/uploads\/2021\/01\/doblo_combi_tehno_05.jpg 640w, https:\/\/dabauto.ro\/fca\/wp-content\/uploads\/2021\/01\/doblo_combi_tehno_05-300x141.jpg 300w\" sizes=\"auto, (max-width: 640px) 100vw, 640px\" \/>\t\t\t\t\t\t\n\t\t\t\t\t<\/div>\n\t\t\t\t\t\t\t\t\n<style>\n#image_242449099 {\n  width: 100%;\n}\n<\/style>\n\t<\/div>\n\t\n\t\t<\/div>\n\t\t\t\t\t<\/div>\n\n\t\n<\/div>\n<div class=\"row align-middle align-center\"  id=\"row-1696089963\">\n\n\t<div id=\"col-461960695\" class=\"col medium-6 small-12 large-6\"  >\n\t\t\t\t<div class=\"col-inner\"  >\n\t\t\t\n\t\t\t\n\t<div class=\"img has-hover x md-x lg-x y md-y lg-y\" id=\"image_125614796\">\n\t\t\t\t\t\t\t\t<div class=\"img-inner dark\" >\n\t\t\t<img loading=\"lazy\" decoding=\"async\" width=\"640\" height=\"300\" src=\"https:\/\/dabauto.ro\/fca\/wp-content\/uploads\/2021\/01\/doblo_combi_tehno_06.jpg\" class=\"attachment-large size-large\" alt=\"\" srcset=\"https:\/\/dabauto.ro\/fca\/wp-content\/uploads\/2021\/01\/doblo_combi_tehno_06.jpg 640w, https:\/\/dabauto.ro\/fca\/wp-content\/uploads\/2021\/01\/doblo_combi_tehno_06-300x141.jpg 300w\" sizes=\"auto, (max-width: 640px) 100vw, 640px\" \/>\t\t\t\t\t\t\n\t\t\t\t\t<\/div>\n\t\t\t\t\t\t\t\t\n<style>\n#image_125614796 {\n  width: 100%;\n}\n<\/style>\n\t<\/div>\n\t\n\t\t<\/div>\n\t\t\t\t\t<\/div>\n\n\t\n\n\t<div id=\"col-1476372170\" class=\"col medium-6 small-12 large-6\"  >\n\t\t\t\t<div class=\"col-inner text-center dark\"  >\n\t\t\t\n\t\t\t\n<h5 class=\"uppercase\"><span style=\"color: #000000;\">TPMS: SENZORI DE PRESIUNE A AERULUI DIN PNEURI<\/span><\/h5>\n<p><span style=\"color: #000000;\">Sistemul de monitorizare a presiunii din anvelope face verific\u0103ri constante \u0219i te avertizeaz\u0103 printr-un martor \u00een bord dac\u0103 exist\u0103 pierderi de aer.<\/span><\/p>\n\t\t<\/div>\n\t\t\t\t\t<\/div>\n\n\t\n<\/div>\n<div class=\"row align-middle align-center\"  id=\"row-1847493188\">\n\n\t<div id=\"col-773227264\" class=\"col medium-6 small-12 large-6\"  >\n\t\t\t\t<div class=\"col-inner text-center dark\"  >\n\t\t\t\n\t\t\t\n<h5 class=\"uppercase\"><span style=\"color: #000000;\">COMPARTIMENTUL PASAGERILOR<\/span><\/h5>\n<p><span style=\"color: #000000;\">CONSTRUIT PENTRU MAXIM\u0102 SIGURAN\u021a\u0102.<\/span><\/p>\n<p><span style=\"color: #000000;\">Pentru siguran\u021ba ta, Doblo Combi are caroseria ranforsat\u0103 cu deformare controlat\u0103 iar habitaclul este dotat cu bare laterale antiintruziune \u00een portiere.<\/span><\/p>\n\t\t<\/div>\n\t\t\t\t\t<\/div>\n\n\t\n\n\t<div id=\"col-602561125\" class=\"col medium-6 small-12 large-6\"  >\n\t\t\t\t<div class=\"col-inner\"  >\n\t\t\t\n\t\t\t\n\t<div class=\"img has-hover x md-x lg-x y md-y lg-y\" id=\"image_202831561\">\n\t\t\t\t\t\t\t\t<div class=\"img-inner dark\" >\n\t\t\t<img loading=\"lazy\" decoding=\"async\" width=\"640\" height=\"300\" src=\"https:\/\/dabauto.ro\/fca\/wp-content\/uploads\/2021\/01\/doblo_combi_tehno_07.jpg\" class=\"attachment-large size-large\" alt=\"\" srcset=\"https:\/\/dabauto.ro\/fca\/wp-content\/uploads\/2021\/01\/doblo_combi_tehno_07.jpg 640w, https:\/\/dabauto.ro\/fca\/wp-content\/uploads\/2021\/01\/doblo_combi_tehno_07-300x141.jpg 300w\" sizes=\"auto, (max-width: 640px) 100vw, 640px\" \/>\t\t\t\t\t\t\n\t\t\t\t\t<\/div>\n\t\t\t\t\t\t\t\t\n<style>\n#image_202831561 {\n  width: 100%;\n}\n<\/style>\n\t<\/div>\n\t\n\t\t<\/div>\n\t\t\t\t\t<\/div>\n\n\t\n<\/div>\n\t\t<\/div>\n\n\t\t\n<style>\n#section_1684430084 {\n  padding-top: 30px;\n  padding-bottom: 30px;\n  background-color: rgb(255,255,255);\n}\n<\/style>\n\t<\/section>\n\t\n\n\t<section class=\"section\" id=\"section_1091465441\">\n\t\t<div class=\"section-bg fill\" >\n\t\t\t\t\t\t\t\t\t\n\t\t\t\n\n\t\t<\/div>\n\n\t\t\n\n\t\t<div class=\"section-content relative\">\n\t\t\t\n<div class=\"row align-center\"  id=\"row-1821138804\">\n\n\t<div id=\"col-2094375147\" class=\"col medium-6 small-12 large-6\"  >\n\t\t\t\t<div class=\"col-inner text-center\"  >\n\t\t\t\n\t\t\t\n<p><a class=\"button\" href=\"#sg-popup-id-3423\">CERE OFERTA<\/a><\/p>\n\t\t<\/div>\n\t\t\t\t\t<\/div>\n\n\t\n\n\t<div id=\"col-150941133\" class=\"col medium-6 small-12 large-6\"  >\n\t\t\t\t<div class=\"col-inner text-center\"  >\n\t\t\t\n\t\t\t\n<p><a class=\"button\" href=\"#sg-popup-id-3438\">TEST DRIVE<\/a><\/p>\n\t\t<\/div>\n\t\t\t\t\t<\/div>\n\n\t\n\n<style>\n#row-1821138804 > .col > .col-inner {\n  padding: 25px 0px 0px 0px;\n}\n<\/style>\n<\/div>\n\t\t<\/div>\n\n\t\t\n<style>\n#section_1091465441 {\n  padding-top: 0px;\n  padding-bottom: 0px;\n}\n<\/style>\n\t<\/section>\n\t\n","protected":false},"excerpt":{"rendered":"","protected":false},"author":2,"featured_media":4548,"parent":0,"menu_order":0,"comment_status":"closed","ping_status":"closed","template":"page-blank.php","meta":{"footnotes":""},"class_list":["post-4545","page","type-page","status-publish","has-post-thumbnail","hentry"],"yoast_head":"<!-- This site is optimized with the Yoast SEO Premium plugin v24.7 (Yoast SEO v27.5) - https:\/\/yoast.com\/product\/yoast-seo-premium-wordpress\/ -->\n<title>Fiat Doblo Combi - Dealer &amp; Service Autorizat Grup Fiat<\/title>\n<meta name=\"robots\" content=\"index, follow, max-snippet:-1, max-image-preview:large, max-video-preview:-1\" \/>\n<link rel=\"canonical\" href=\"https:\/\/dabauto.ro\/fca\/fiat-doblo-combi\/\" \/>\n<meta property=\"og:locale\" content=\"ro_RO\" \/>\n<meta property=\"og:type\" content=\"article\" \/>\n<meta property=\"og:title\" content=\"Fiat Doblo Combi\" \/>\n<meta property=\"og:url\" content=\"https:\/\/dabauto.ro\/fca\/fiat-doblo-combi\/\" \/>\n<meta property=\"og:site_name\" content=\"Dealer &amp; Service Autorizat Grup Fiat\" \/>\n<meta property=\"article:publisher\" content=\"https:\/\/www.facebook.com\/DABAutoServRO\" \/>\n<meta property=\"article:modified_time\" content=\"2021-02-11T13:22:56+00:00\" \/>\n<meta property=\"og:image\" content=\"https:\/\/dabauto.ro\/fca\/wp-content\/uploads\/2021\/01\/doblo_combi_header.jpg\" \/>\n\t<meta property=\"og:image:width\" content=\"1920\" \/>\n\t<meta property=\"og:image:height\" content=\"660\" \/>\n\t<meta property=\"og:image:type\" content=\"image\/jpeg\" \/>\n<meta name=\"twitter:label1\" content=\"Timp estimat pentru citire\" \/>\n\t<meta name=\"twitter:data1\" content=\"9 minute\" \/>\n<script type=\"application\/ld+json\" class=\"yoast-schema-graph\">{\"@context\":\"https:\\\/\\\/schema.org\",\"@graph\":[{\"@type\":\"WebPage\",\"@id\":\"https:\\\/\\\/dabauto.ro\\\/fca\\\/fiat-doblo-combi\\\/\",\"url\":\"https:\\\/\\\/dabauto.ro\\\/fca\\\/fiat-doblo-combi\\\/\",\"name\":\"Fiat Doblo Combi - Dealer &amp; Service Autorizat Grup Fiat\",\"isPartOf\":{\"@id\":\"https:\\\/\\\/dabauto.ro\\\/fca\\\/#website\"},\"primaryImageOfPage\":{\"@id\":\"https:\\\/\\\/dabauto.ro\\\/fca\\\/fiat-doblo-combi\\\/#primaryimage\"},\"image\":{\"@id\":\"https:\\\/\\\/dabauto.ro\\\/fca\\\/fiat-doblo-combi\\\/#primaryimage\"},\"thumbnailUrl\":\"https:\\\/\\\/dabauto.ro\\\/fca\\\/wp-content\\\/uploads\\\/2021\\\/01\\\/doblo_combi_header.jpg\",\"datePublished\":\"2021-01-22T14:14:03+00:00\",\"dateModified\":\"2021-02-11T13:22:56+00:00\",\"breadcrumb\":{\"@id\":\"https:\\\/\\\/dabauto.ro\\\/fca\\\/fiat-doblo-combi\\\/#breadcrumb\"},\"inLanguage\":\"ro-RO\",\"potentialAction\":[{\"@type\":\"ReadAction\",\"target\":[\"https:\\\/\\\/dabauto.ro\\\/fca\\\/fiat-doblo-combi\\\/\"]}]},{\"@type\":\"ImageObject\",\"inLanguage\":\"ro-RO\",\"@id\":\"https:\\\/\\\/dabauto.ro\\\/fca\\\/fiat-doblo-combi\\\/#primaryimage\",\"url\":\"https:\\\/\\\/dabauto.ro\\\/fca\\\/wp-content\\\/uploads\\\/2021\\\/01\\\/doblo_combi_header.jpg\",\"contentUrl\":\"https:\\\/\\\/dabauto.ro\\\/fca\\\/wp-content\\\/uploads\\\/2021\\\/01\\\/doblo_combi_header.jpg\",\"width\":1920,\"height\":660},{\"@type\":\"BreadcrumbList\",\"@id\":\"https:\\\/\\\/dabauto.ro\\\/fca\\\/fiat-doblo-combi\\\/#breadcrumb\",\"itemListElement\":[{\"@type\":\"ListItem\",\"position\":1,\"name\":\"Prima pagin\u0103\",\"item\":\"https:\\\/\\\/dabauto.ro\\\/fca\\\/\"},{\"@type\":\"ListItem\",\"position\":2,\"name\":\"Fiat Doblo Combi\"}]},{\"@type\":\"WebSite\",\"@id\":\"https:\\\/\\\/dabauto.ro\\\/fca\\\/#website\",\"url\":\"https:\\\/\\\/dabauto.ro\\\/fca\\\/\",\"name\":\"Dealer & Service Autorizat Grup Fiat\",\"description\":\"Concesionar Autorizat - Fiat, Alfa Romeo, Jeep, Abarth si LeapMotor in Bucuresti\",\"publisher\":{\"@id\":\"https:\\\/\\\/dabauto.ro\\\/fca\\\/#organization\"},\"potentialAction\":[{\"@type\":\"SearchAction\",\"target\":{\"@type\":\"EntryPoint\",\"urlTemplate\":\"https:\\\/\\\/dabauto.ro\\\/fca\\\/?s={search_term_string}\"},\"query-input\":{\"@type\":\"PropertyValueSpecification\",\"valueRequired\":true,\"valueName\":\"search_term_string\"}}],\"inLanguage\":\"ro-RO\"},{\"@type\":\"Organization\",\"@id\":\"https:\\\/\\\/dabauto.ro\\\/fca\\\/#organization\",\"name\":\"DAB Auto Serv srl\",\"alternateName\":\"DAB Auto Serv srl\",\"url\":\"https:\\\/\\\/dabauto.ro\\\/fca\\\/\",\"logo\":{\"@type\":\"ImageObject\",\"inLanguage\":\"ro-RO\",\"@id\":\"https:\\\/\\\/dabauto.ro\\\/fca\\\/#\\\/schema\\\/logo\\\/image\\\/\",\"url\":\"https:\\\/\\\/dabauto.ro\\\/fca\\\/wp-content\\\/uploads\\\/2025\\\/04\\\/logo_DAB_1200x1200.png\",\"contentUrl\":\"https:\\\/\\\/dabauto.ro\\\/fca\\\/wp-content\\\/uploads\\\/2025\\\/04\\\/logo_DAB_1200x1200.png\",\"width\":1200,\"height\":1200,\"caption\":\"DAB Auto Serv srl\"},\"image\":{\"@id\":\"https:\\\/\\\/dabauto.ro\\\/fca\\\/#\\\/schema\\\/logo\\\/image\\\/\"},\"sameAs\":[\"https:\\\/\\\/www.facebook.com\\\/DABAutoServRO\",\"https:\\\/\\\/www.instagram.com\\\/dab_auto\"],\"telephone\":\"0219793\",\"legalName\":\"DAB Auto Serv srl\",\"foundingDate\":\"2000-05-01\",\"vatID\":\"RO12734167\",\"numberOfEmployees\":{\"@type\":\"QuantitativeValue\",\"minValue\":\"51\",\"maxValue\":\"200\"}}]}<\/script>\n<!-- \/ Yoast SEO Premium plugin. -->","yoast_head_json":{"title":"Fiat Doblo Combi - Dealer &amp; Service Autorizat Grup Fiat","robots":{"index":"index","follow":"follow","max-snippet":"max-snippet:-1","max-image-preview":"max-image-preview:large","max-video-preview":"max-video-preview:-1"},"canonical":"https:\/\/dabauto.ro\/fca\/fiat-doblo-combi\/","og_locale":"ro_RO","og_type":"article","og_title":"Fiat Doblo Combi","og_url":"https:\/\/dabauto.ro\/fca\/fiat-doblo-combi\/","og_site_name":"Dealer &amp; Service Autorizat Grup Fiat","article_publisher":"https:\/\/www.facebook.com\/DABAutoServRO","article_modified_time":"2021-02-11T13:22:56+00:00","og_image":[{"width":1920,"height":660,"url":"https:\/\/dabauto.ro\/fca\/wp-content\/uploads\/2021\/01\/doblo_combi_header.jpg","type":"image\/jpeg"}],"twitter_misc":{"Timp estimat pentru citire":"9 minute"},"schema":{"@context":"https:\/\/schema.org","@graph":[{"@type":"WebPage","@id":"https:\/\/dabauto.ro\/fca\/fiat-doblo-combi\/","url":"https:\/\/dabauto.ro\/fca\/fiat-doblo-combi\/","name":"Fiat Doblo Combi - Dealer &amp; Service Autorizat Grup Fiat","isPartOf":{"@id":"https:\/\/dabauto.ro\/fca\/#website"},"primaryImageOfPage":{"@id":"https:\/\/dabauto.ro\/fca\/fiat-doblo-combi\/#primaryimage"},"image":{"@id":"https:\/\/dabauto.ro\/fca\/fiat-doblo-combi\/#primaryimage"},"thumbnailUrl":"https:\/\/dabauto.ro\/fca\/wp-content\/uploads\/2021\/01\/doblo_combi_header.jpg","datePublished":"2021-01-22T14:14:03+00:00","dateModified":"2021-02-11T13:22:56+00:00","breadcrumb":{"@id":"https:\/\/dabauto.ro\/fca\/fiat-doblo-combi\/#breadcrumb"},"inLanguage":"ro-RO","potentialAction":[{"@type":"ReadAction","target":["https:\/\/dabauto.ro\/fca\/fiat-doblo-combi\/"]}]},{"@type":"ImageObject","inLanguage":"ro-RO","@id":"https:\/\/dabauto.ro\/fca\/fiat-doblo-combi\/#primaryimage","url":"https:\/\/dabauto.ro\/fca\/wp-content\/uploads\/2021\/01\/doblo_combi_header.jpg","contentUrl":"https:\/\/dabauto.ro\/fca\/wp-content\/uploads\/2021\/01\/doblo_combi_header.jpg","width":1920,"height":660},{"@type":"BreadcrumbList","@id":"https:\/\/dabauto.ro\/fca\/fiat-doblo-combi\/#breadcrumb","itemListElement":[{"@type":"ListItem","position":1,"name":"Prima pagin\u0103","item":"https:\/\/dabauto.ro\/fca\/"},{"@type":"ListItem","position":2,"name":"Fiat Doblo Combi"}]},{"@type":"WebSite","@id":"https:\/\/dabauto.ro\/fca\/#website","url":"https:\/\/dabauto.ro\/fca\/","name":"Dealer & Service Autorizat Grup Fiat","description":"Concesionar Autorizat - Fiat, Alfa Romeo, Jeep, Abarth si LeapMotor in Bucuresti","publisher":{"@id":"https:\/\/dabauto.ro\/fca\/#organization"},"potentialAction":[{"@type":"SearchAction","target":{"@type":"EntryPoint","urlTemplate":"https:\/\/dabauto.ro\/fca\/?s={search_term_string}"},"query-input":{"@type":"PropertyValueSpecification","valueRequired":true,"valueName":"search_term_string"}}],"inLanguage":"ro-RO"},{"@type":"Organization","@id":"https:\/\/dabauto.ro\/fca\/#organization","name":"DAB Auto Serv srl","alternateName":"DAB Auto Serv srl","url":"https:\/\/dabauto.ro\/fca\/","logo":{"@type":"ImageObject","inLanguage":"ro-RO","@id":"https:\/\/dabauto.ro\/fca\/#\/schema\/logo\/image\/","url":"https:\/\/dabauto.ro\/fca\/wp-content\/uploads\/2025\/04\/logo_DAB_1200x1200.png","contentUrl":"https:\/\/dabauto.ro\/fca\/wp-content\/uploads\/2025\/04\/logo_DAB_1200x1200.png","width":1200,"height":1200,"caption":"DAB Auto Serv srl"},"image":{"@id":"https:\/\/dabauto.ro\/fca\/#\/schema\/logo\/image\/"},"sameAs":["https:\/\/www.facebook.com\/DABAutoServRO","https:\/\/www.instagram.com\/dab_auto"],"telephone":"0219793","legalName":"DAB Auto Serv srl","foundingDate":"2000-05-01","vatID":"RO12734167","numberOfEmployees":{"@type":"QuantitativeValue","minValue":"51","maxValue":"200"}}]}},"_links":{"self":[{"href":"https:\/\/dabauto.ro\/fca\/wp-json\/wp\/v2\/pages\/4545","targetHints":{"allow":["GET"]}}],"collection":[{"href":"https:\/\/dabauto.ro\/fca\/wp-json\/wp\/v2\/pages"}],"about":[{"href":"https:\/\/dabauto.ro\/fca\/wp-json\/wp\/v2\/types\/page"}],"author":[{"embeddable":true,"href":"https:\/\/dabauto.ro\/fca\/wp-json\/wp\/v2\/users\/2"}],"replies":[{"embeddable":true,"href":"https:\/\/dabauto.ro\/fca\/wp-json\/wp\/v2\/comments?post=4545"}],"version-history":[{"count":48,"href":"https:\/\/dabauto.ro\/fca\/wp-json\/wp\/v2\/pages\/4545\/revisions"}],"predecessor-version":[{"id":6173,"href":"https:\/\/dabauto.ro\/fca\/wp-json\/wp\/v2\/pages\/4545\/revisions\/6173"}],"wp:featuredmedia":[{"embeddable":true,"href":"https:\/\/dabauto.ro\/fca\/wp-json\/wp\/v2\/media\/4548"}],"wp:attachment":[{"href":"https:\/\/dabauto.ro\/fca\/wp-json\/wp\/v2\/media?parent=4545"}],"curies":[{"name":"wp","href":"https:\/\/api.w.org\/{rel}","templated":true}]}}